{"id":542,"date":"2021-03-02T15:23:00","date_gmt":"2021-03-02T14:23:00","guid":{"rendered":"https:\/\/draisines.online\/?page_id=542"},"modified":"2025-03-23T14:14:39","modified_gmt":"2025-03-23T13:14:39","slug":"le-monastere-par-les-draisines","status":"publish","type":"page","link":"https:\/\/draisines.online\/index.php\/fr\/le-monastere-par-les-draisines\/","title":{"rendered":"Le monast\u00e8re pas les draisines"},"content":{"rendered":"<p>[et_pb_section fb_built=\u00a0\u00bb1&Prime; custom_padding_last_edited=\u00a0\u00bbon|tablet\u00a0\u00bb admin_label=\u00a0\u00bbHeader\u00a0\u00bb _builder_version=\u00a0\u00bb4.16&Prime; use_background_color_gradient=\u00a0\u00bbon\u00a0\u00bb background_color_gradient_direction=\u00a0\u00bb324deg\u00a0\u00bb background_color_gradient_stops=\u00a0\u00bbrgba(255,153,134,0.32) 0%|rgba(255,93,93,0) 55%\u00a0\u00bb background_color_gradient_start=\u00a0\u00bbrgba(255,153,134,0.32)\u00a0\u00bb background_color_gradient_end=\u00a0\u00bbrgba(255,93,93,0)\u00a0\u00bb background_color_gradient_end_position=\u00a0\u00bb55%\u00a0\u00bb background_position=\u00a0\u00bbbottom_center\u00a0\u00bb max_width=\u00a0\u00bb95%\u00a0\u00bb custom_margin=\u00a0\u00bb|19px||||\u00a0\u00bb custom_padding=\u00a0\u00bb0px|||0vw||\u00a0\u00bb custom_padding_tablet=\u00a0\u00bb|||0vw\u00a0\u00bb custom_padding_phone=\u00a0\u00bb||||false\u00a0\u00bb border_radii=\u00a0\u00bb|||20vw|\u00a0\u00bb locked=\u00a0\u00bboff\u00a0\u00bb global_colors_info=\u00a0\u00bb{}\u00a0\u00bb][et_pb_row column_structure=\u00a0\u00bb1_3,1_3,1_3&Prime; use_custom_gutter=\u00a0\u00bbon\u00a0\u00bb gutter_width=\u00a0\u00bb1&Prime; custom_padding_last_edited=\u00a0\u00bboff|phone\u00a0\u00bb _builder_version=\u00a0\u00bb4.16&Prime; width=\u00a0\u00bb100%\u00a0\u00bb max_width=\u00a0\u00bbnone\u00a0\u00bb module_alignment=\u00a0\u00bbleft\u00a0\u00bb custom_margin=\u00a0\u00bb||||false|false\u00a0\u00bb custom_padding=\u00a0\u00bb0px||\u00a0\u00bb custom_padding_tablet=\u00a0\u00bb60px|40px|60px|40px|true\u00a0\u00bb custom_padding_phone=\u00a0\u00bb40px||40px||true\u00a0\u00bb background_last_edited=\u00a0\u00bboff|desktop\u00a0\u00bb border_radii=\u00a0\u00bb||||\u00a0\u00bb global_colors_info=\u00a0\u00bb{}\u00a0\u00bb][et_pb_column type=\u00a0\u00bb1_3&Prime; _builder_version=\u00a0\u00bb4.16&Prime; use_background_color_gradient=\u00a0\u00bbon\u00a0\u00bb background_color_gradient_direction=\u00a0\u00bb166deg\u00a0\u00bb background_color_gradient_stops=\u00a0\u00bb#FFC984 0%|#FF5D5D 79%\u00a0\u00bb background_color_gradient_start=\u00a0\u00bb#FFC984&Prime; background_color_gradient_end=\u00a0\u00bb#FF5D5D\u00a0\u00bb background_color_gradient_end_position=\u00a0\u00bb79%\u00a0\u00bb custom_padding=\u00a0\u00bb24px|3vw|24px|3vw|true|true\u00a0\u00bb border_radii=\u00a0\u00bb|||100px|\u00a0\u00bb global_colors_info=\u00a0\u00bb{}\u00a0\u00bb][et_pb_text _builder_version=\u00a0\u00bb4.16&Prime; text_font=\u00a0\u00bb||||||||\u00a0\u00bb header_font=\u00a0\u00bb||||||||\u00a0\u00bb header_2_font=\u00a0\u00bbOswald|700||on|||||\u00a0\u00bb header_2_font_size=\u00a0\u00bb28px\u00a0\u00bb header_2_line_height=\u00a0\u00bb1.3em\u00a0\u00bb background_layout=\u00a0\u00bbdark\u00a0\u00bb header_2_font_size_tablet=\u00a0\u00bb26px\u00a0\u00bb header_2_font_size_phone=\u00a0\u00bb22px\u00a0\u00bb header_2_font_size_last_edited=\u00a0\u00bbon|phone\u00a0\u00bb locked=\u00a0\u00bboff\u00a0\u00bb global_colors_info=\u00a0\u00bb{}\u00a0\u00bb]<\/p>\n<h2><strong><span>Les draisines de la Molign\u00e9e<\/span><\/strong><\/h2>\n<p>[\/et_pb_text][\/et_pb_column][et_pb_column type=\u00a0\u00bb1_3&Prime; _builder_version=\u00a0\u00bb4.16&Prime; global_colors_info=\u00a0\u00bb{}\u00a0\u00bb][\/et_pb_column][et_pb_column type=\u00a0\u00bb1_3&Prime; _builder_version=\u00a0\u00bb4.16&Prime; global_colors_info=\u00a0\u00bb{}\u00a0\u00bb][\/et_pb_column][\/et_pb_row][et_pb_row _builder_version=\u00a0\u00bb4.16&Prime; global_colors_info=\u00a0\u00bb{}\u00a0\u00bb][et_pb_column type=\u00a0\u00bb4_4&Prime; _builder_version=\u00a0\u00bb4.16&Prime; global_colors_info=\u00a0\u00bb{}\u00a0\u00bb][et_pb_text _builder_version=\u00a0\u00bb4.16&Prime; text_font=\u00a0\u00bb|600|||||||\u00a0\u00bb text_text_color=\u00a0\u00bbrgba(0,0,0,0.5)\u00a0\u00bb text_line_height=\u00a0\u00bb1.8em\u00a0\u00bb header_font=\u00a0\u00bbOswald|900||on|||||\u00a0\u00bb header_text_color=\u00a0\u00bb#170075&Prime; header_font_size=\u00a0\u00bb63px\u00a0\u00bb header_letter_spacing=\u00a0\u00bb0.05em\u00a0\u00bb transform_scale_tablet=\u00a0\u00bb\u00a0\u00bb transform_scale_phone=\u00a0\u00bb\u00a0\u00bb transform_scale_last_edited=\u00a0\u00bbon|desktop\u00a0\u00bb transform_translate_linked=\u00a0\u00bboff\u00a0\u00bb transform_rotate_tablet=\u00a0\u00bb\u00a0\u00bb transform_rotate_phone=\u00a0\u00bb\u00a0\u00bb transform_rotate_last_edited=\u00a0\u00bbon|desktop\u00a0\u00bb transform_skew_tablet=\u00a0\u00bb\u00a0\u00bb transform_skew_phone=\u00a0\u00bb\u00a0\u00bb transform_skew_last_edited=\u00a0\u00bbon|desktop\u00a0\u00bb transform_origin_tablet=\u00a0\u00bb\u00a0\u00bb transform_origin_phone=\u00a0\u00bb\u00a0\u00bb transform_origin_last_edited=\u00a0\u00bbon|desktop\u00a0\u00bb header_font_size_tablet=\u00a0\u00bb60px\u00a0\u00bb header_font_size_phone=\u00a0\u00bb44px\u00a0\u00bb header_font_size_last_edited=\u00a0\u00bbon|desktop\u00a0\u00bb header_text_shadow_style=\u00a0\u00bbpreset3&Prime; header_text_shadow_blur_strength=\u00a0\u00bb0em\u00a0\u00bb locked=\u00a0\u00bboff\u00a0\u00bb global_colors_info=\u00a0\u00bb{}\u00a0\u00bb]<\/p>\n<h1>Excursion en groupe<\/h1>\n<p>[\/et_pb_text][et_pb_text _builder_version=\u00a0\u00bb4.16.0&Prime; _module_preset=\u00a0\u00bbdefault\u00a0\u00bb header_font_size=\u00a0\u00bb21px\u00a0\u00bb header_2_font=\u00a0\u00bbOswald|||on|||||\u00a0\u00bb header_2_text_color=\u00a0\u00bb#f92a2a\u00a0\u00bb header_2_font_size=\u00a0\u00bb38px\u00a0\u00bb min_height=\u00a0\u00bb58px\u00a0\u00bb header_2_font_size_tablet=\u00a0\u00bb\u00a0\u00bb header_2_font_size_phone=\u00a0\u00bb29px\u00a0\u00bb header_2_font_size_last_edited=\u00a0\u00bbon|phone\u00a0\u00bb global_colors_info=\u00a0\u00bb{}\u00a0\u00bb]<\/p>\n<h2>Le monast\u00e8re par les Draisines<\/h2>\n<h3><span style=\"font-size: x-large;\"><strong>Minimum 25 personnes<\/strong><\/span><\/h3>\n<p>[\/et_pb_text][\/et_pb_column][\/et_pb_row][\/et_pb_section][et_pb_section fb_built=\u00a0\u00bb1&Prime; _builder_version=\u00a0\u00bb4.16&Prime; _module_preset=\u00a0\u00bbdefault\u00a0\u00bb custom_padding=\u00a0\u00bb19px|||||\u00a0\u00bb global_colors_info=\u00a0\u00bb{}\u00a0\u00bb][et_pb_row column_structure=\u00a0\u00bb1_5,3_5,1_5&Prime; _builder_version=\u00a0\u00bb4.16&Prime; _module_preset=\u00a0\u00bbdefault\u00a0\u00bb global_colors_info=\u00a0\u00bb{}\u00a0\u00bb][et_pb_column type=\u00a0\u00bb1_5&Prime; _builder_version=\u00a0\u00bb4.16&Prime; _module_preset=\u00a0\u00bbdefault\u00a0\u00bb global_colors_info=\u00a0\u00bb{}\u00a0\u00bb][\/et_pb_column][et_pb_column type=\u00a0\u00bb3_5&Prime; _builder_version=\u00a0\u00bb4.16&Prime; _module_preset=\u00a0\u00bbdefault\u00a0\u00bb global_colors_info=\u00a0\u00bb{}\u00a0\u00bb][et_pb_image src=\u00a0\u00bbhttps:\/\/draisines.online\/wp-content\/uploads\/2020\/12\/170802_AdjustMaredsoussummer17_0257.jpg\u00a0\u00bb title_text=\u00a0\u00bb170802_AdjustMaredsoussummer17_0257&Prime; align=\u00a0\u00bbcenter\u00a0\u00bb _builder_version=\u00a0\u00bb4.16&Prime; _module_preset=\u00a0\u00bbdefault\u00a0\u00bb global_colors_info=\u00a0\u00bb{}\u00a0\u00bb][\/et_pb_image][et_pb_text _builder_version=\u00a0\u00bb4.27.4&Prime; _module_preset=\u00a0\u00bbdefault\u00a0\u00bb header_3_text_color=\u00a0\u00bb#f92a2a\u00a0\u00bb header_3_font_size=\u00a0\u00bb29px\u00a0\u00bb header_3_line_height=\u00a0\u00bb1.7em\u00a0\u00bb hover_enabled=\u00a0\u00bb0&Prime; global_colors_info=\u00a0\u00bb{}\u00a0\u00bb sticky_enabled=\u00a0\u00bb0&Prime;]<\/p>\n<p>D\u00e9part en draisine de Fala\u00ebn.<\/p>\n<p>P\u00e9dalez 3 km sur l\u2019ancienne voie de chemin de fer qui longe la pittoresque vall\u00e9e de la Molign\u00e9e.<\/p>\n<p>Ensuite, par les sentiers, rejoignez le site naturel de l\u2019Abbaye de Maredsous.<\/p>\n<p>[\/et_pb_text][et_pb_image src=\u00a0\u00bbhttps:\/\/draisines.online\/wp-content\/uploads\/2021\/03\/440_0_5089862_176891.jpg\u00a0\u00bb title_text=\u00a0\u00bb440_0_5089862_176891&Prime; align=\u00a0\u00bbcenter\u00a0\u00bb _builder_version=\u00a0\u00bb4.16&Prime; _module_preset=\u00a0\u00bbdefault\u00a0\u00bb global_colors_info=\u00a0\u00bb{}\u00a0\u00bb][\/et_pb_image][et_pb_text _builder_version=\u00a0\u00bb4.27.4&Prime; _module_preset=\u00a0\u00bbdefault\u00a0\u00bb link_font=\u00a0\u00bb||||on||||\u00a0\u00bb header_3_text_color=\u00a0\u00bb#f92a2a\u00a0\u00bb header_3_font_size=\u00a0\u00bb29px\u00a0\u00bb header_3_line_height=\u00a0\u00bb1.7em\u00a0\u00bb hover_enabled=\u00a0\u00bb0&Prime; global_colors_info=\u00a0\u00bb{}\u00a0\u00bb sticky_enabled=\u00a0\u00bb0&Prime;]<\/p>\n<p>D\u00e9gustation d\u2019une tartine au fromage de Maredsous et sa bi\u00e8re 6\u00b0 ou un soft.<\/p>\n<p><strong>V<\/strong>isite guid\u00e9e du monast\u00e8re qui fut fond\u00e9 en 1872 par des moines b\u00e9n\u00e9dictins venus de Beuron en Allemagne.<\/p>\n<p>Cet ensemble n\u00e9o-gothique compte parmi les\u00a0plus belles Abbayes du pays.<\/p>\n<div id=\"ConnectiveDocSignExtentionInstalled\" data-extension-version=\"1.0.4\"><\/div>\n<p>[\/et_pb_text][et_pb_image src=\u00a0\u00bbhttps:\/\/draisines.online\/wp-content\/uploads\/2021\/03\/440_0_5093250_176891.jpg\u00a0\u00bb title_text=\u00a0\u00bb440_0_5093250_176891&Prime; align=\u00a0\u00bbcenter\u00a0\u00bb _builder_version=\u00a0\u00bb4.16&Prime; _module_preset=\u00a0\u00bbdefault\u00a0\u00bb global_colors_info=\u00a0\u00bb{}\u00a0\u00bb][\/et_pb_image][et_pb_text _builder_version=\u00a0\u00bb4.27.4&Prime; _module_preset=\u00a0\u00bbdefault\u00a0\u00bb link_font=\u00a0\u00bb||||on||||\u00a0\u00bb header_3_text_color=\u00a0\u00bb#f92a2a\u00a0\u00bb header_3_font_size=\u00a0\u00bb29px\u00a0\u00bb header_3_line_height=\u00a0\u00bb1.7em\u00a0\u00bb hover_enabled=\u00a0\u00bb0&Prime; global_colors_info=\u00a0\u00bb{}\u00a0\u00bb sticky_enabled=\u00a0\u00bb0&Prime;]<\/p>\n<p><strong>R<\/strong>etour par les m\u00eames sentiers vers l\u2019ancienne gare de Maredsous pour rejoindre en draisines votre point de d\u00e9part Fala\u00ebn.<\/p>\n<p>&nbsp;<\/p>\n<h3><strong>Minimum 25 personnes\u00a0<\/strong><\/h3>\n<p><b>Info via info@draisines.online<\/b><\/p>\n<p><b>Attraction(s) reprise(s)\u00a0 :<\/b>\u00a0Les Draisines de la Molign\u00e9e<\/p>\n<p>[\/et_pb_text][et_pb_image src=\u00a0\u00bbhttps:\/\/draisines.online\/wp-content\/uploads\/2021\/03\/280_0_5093291_176891.jpg\u00a0\u00bb title_text=\u00a0\u00bb280_0_5093291_176891&Prime; align=\u00a0\u00bbcenter\u00a0\u00bb _builder_version=\u00a0\u00bb4.16&Prime; _module_preset=\u00a0\u00bbdefault\u00a0\u00bb global_colors_info=\u00a0\u00bb{}\u00a0\u00bb][\/et_pb_image][et_pb_text _builder_version=\u00a0\u00bb4.27.4&Prime; _module_preset=\u00a0\u00bbdefault\u00a0\u00bb link_font=\u00a0\u00bb||||on||||\u00a0\u00bb header_3_text_color=\u00a0\u00bb#f92a2a\u00a0\u00bb header_3_font_size=\u00a0\u00bb29px\u00a0\u00bb header_3_line_height=\u00a0\u00bb1.7em\u00a0\u00bb hover_enabled=\u00a0\u00bb0&Prime; global_colors_info=\u00a0\u00bb{}\u00a0\u00bb sticky_enabled=\u00a0\u00bb0&Prime;]<\/p>\n<p><b>Horaire: <\/b>De 11h00 \u00e0 15h00<\/p>\n<p><b>Capacit\u00e9 du restaurant :\u00a0<\/b>200 pers.<\/p>\n<p><b>Parking car :\u00a0<\/b>Nb de places 6 cars. Le trajet entre les attractions par vos propres moyens.<\/p>\n<p><b>Restauration \/ pique-nique :\u00a0<\/b>Centre d\u2019accueil Saint-Joseph de l\u2019Abbaye de Maredsous.<\/p>\n<p><b>Menu :\u00a0<\/b>Une tartine au fromage de Maredsous accompagn\u00e9e d&rsquo;une bi\u00e8re 6\u00b0 (ou soft). Possibilit\u00e9 de commander une deuxi\u00e8me tartine au fromage ou au jambon d&rsquo;Ardennes ou un autre repas \u00e0 choisir sur la liste (sur demande).<\/p>\n<p><b>Conditions sp\u00e9ciales scolaires :\u00a0<\/b>Draisines gratuites pour les professeurs et acc\u00e8s gratuit \u00e0 la pleine de jeux.<\/p>\n<p><span><b><\/b><\/span><\/p>\n<p><span><b>Pour en savoir plus&#8230;<\/b><\/span><\/p>\n<p><span>Monsieur Paul ARNOULD<br \/><\/span><span>Rue de la Gare 82 &#8211; 5522 FALA\u00cbN<br \/><\/span><span><a>draisines@skynet.be<br \/><\/a><\/span><span>T. 0032 (0)82\/69 90 79<\/span><\/p>\n<p>[\/et_pb_text][\/et_pb_column][et_pb_column type=\u00a0\u00bb1_5&Prime; _builder_version=\u00a0\u00bb4.16&Prime; _module_preset=\u00a0\u00bbdefault\u00a0\u00bb global_colors_info=\u00a0\u00bb{}\u00a0\u00bb][\/et_pb_column][\/et_pb_row][\/et_pb_section]<\/p>\n","protected":false},"excerpt":{"rendered":"<p>Les draisines de la Molign\u00e9eExcursion en groupeLe monast\u00e8re par les Draisines Minimum 25 personnesD\u00e9part en draisine de Fala\u00ebn. P\u00e9dalez 3 km sur l\u2019ancienne voie de chemin de fer qui longe la pittoresque vall\u00e9e de la Molign\u00e9e. Ensuite, par les sentiers, rejoignez le site naturel de l\u2019Abbaye de Maredsous.D\u00e9gustation d\u2019une tartine au fromage de Maredsous et [&hellip;]<\/p>\n","protected":false},"author":2,"featured_media":0,"parent":0,"menu_order":0,"comment_status":"closed","ping_status":"closed","template":"","meta":{"_et_pb_use_builder":"on","_et_pb_old_content":"","_et_gb_content_width":"","footnotes":""},"class_list":["post-542","page","type-page","status-publish","hentry"],"_links":{"self":[{"href":"https:\/\/draisines.online\/index.php\/wp-json\/wp\/v2\/pages\/542","targetHints":{"allow":["GET"]}}],"collection":[{"href":"https:\/\/draisines.online\/index.php\/wp-json\/wp\/v2\/pages"}],"about":[{"href":"https:\/\/draisines.online\/index.php\/wp-json\/wp\/v2\/types\/page"}],"author":[{"embeddable":true,"href":"https:\/\/draisines.online\/index.php\/wp-json\/wp\/v2\/users\/2"}],"replies":[{"embeddable":true,"href":"https:\/\/draisines.online\/index.php\/wp-json\/wp\/v2\/comments?post=542"}],"version-history":[{"count":27,"href":"https:\/\/draisines.online\/index.php\/wp-json\/wp\/v2\/pages\/542\/revisions"}],"predecessor-version":[{"id":2280,"href":"https:\/\/draisines.online\/index.php\/wp-json\/wp\/v2\/pages\/542\/revisions\/2280"}],"wp:attachment":[{"href":"https:\/\/draisines.online\/index.php\/wp-json\/wp\/v2\/media?parent=542"}],"curies":[{"name":"wp","href":"https:\/\/api.w.org\/{rel}","templated":true}]}}