{"id":909,"date":"2021-03-08T15:26:07","date_gmt":"2021-03-08T14:26:07","guid":{"rendered":"https:\/\/draisines.online\/?page_id=909"},"modified":"2025-03-23T14:08:39","modified_gmt":"2025-03-23T13:08:39","slug":"het-klooster-met-de-railbikes","status":"publish","type":"page","link":"https:\/\/draisines.online\/index.php\/nl\/het-klooster-met-de-railbikes\/","title":{"rendered":"Het Klooster met de railbikes"},"content":{"rendered":"<p>[et_pb_section fb_built=\u00a0\u00bb1&Prime; custom_padding_last_edited=\u00a0\u00bbon|tablet\u00a0\u00bb admin_label=\u00a0\u00bbHeader\u00a0\u00bb _builder_version=\u00a0\u00bb4.16&Prime; use_background_color_gradient=\u00a0\u00bbon\u00a0\u00bb background_color_gradient_direction=\u00a0\u00bb324deg\u00a0\u00bb background_color_gradient_stops=\u00a0\u00bbrgba(255,153,134,0.32) 0%|rgba(255,93,93,0) 55%\u00a0\u00bb background_color_gradient_start=\u00a0\u00bbrgba(255,153,134,0.32)\u00a0\u00bb background_color_gradient_end=\u00a0\u00bbrgba(255,93,93,0)\u00a0\u00bb background_color_gradient_end_position=\u00a0\u00bb55%\u00a0\u00bb background_position=\u00a0\u00bbbottom_center\u00a0\u00bb max_width=\u00a0\u00bb95%\u00a0\u00bb custom_margin=\u00a0\u00bb|19px||||\u00a0\u00bb custom_padding=\u00a0\u00bb0px|||0vw||\u00a0\u00bb custom_padding_tablet=\u00a0\u00bb|||0vw\u00a0\u00bb custom_padding_phone=\u00a0\u00bb||||false\u00a0\u00bb border_radii=\u00a0\u00bb|||20vw|\u00a0\u00bb locked=\u00a0\u00bboff\u00a0\u00bb global_colors_info=\u00a0\u00bb{}\u00a0\u00bb][et_pb_row column_structure=\u00a0\u00bb1_3,1_3,1_3&Prime; use_custom_gutter=\u00a0\u00bbon\u00a0\u00bb gutter_width=\u00a0\u00bb1&Prime; custom_padding_last_edited=\u00a0\u00bboff|phone\u00a0\u00bb _builder_version=\u00a0\u00bb4.16&Prime; width=\u00a0\u00bb100%\u00a0\u00bb max_width=\u00a0\u00bbnone\u00a0\u00bb module_alignment=\u00a0\u00bbleft\u00a0\u00bb custom_margin=\u00a0\u00bb||||false|false\u00a0\u00bb custom_padding=\u00a0\u00bb0px||\u00a0\u00bb custom_padding_tablet=\u00a0\u00bb60px|40px|60px|40px|true\u00a0\u00bb custom_padding_phone=\u00a0\u00bb40px||40px||true\u00a0\u00bb background_last_edited=\u00a0\u00bboff|desktop\u00a0\u00bb border_radii=\u00a0\u00bb||||\u00a0\u00bb global_colors_info=\u00a0\u00bb{}\u00a0\u00bb][et_pb_column type=\u00a0\u00bb1_3&Prime; _builder_version=\u00a0\u00bb4.16&Prime; use_background_color_gradient=\u00a0\u00bbon\u00a0\u00bb background_color_gradient_direction=\u00a0\u00bb166deg\u00a0\u00bb background_color_gradient_stops=\u00a0\u00bb#FFC984 0%|#FF5D5D 79%\u00a0\u00bb background_color_gradient_start=\u00a0\u00bb#FFC984&Prime; background_color_gradient_end=\u00a0\u00bb#FF5D5D\u00a0\u00bb background_color_gradient_end_position=\u00a0\u00bb79%\u00a0\u00bb custom_padding=\u00a0\u00bb24px|3vw|24px|3vw|true|true\u00a0\u00bb border_radii=\u00a0\u00bb|||100px|\u00a0\u00bb global_colors_info=\u00a0\u00bb{}\u00a0\u00bb][et_pb_text _builder_version=\u00a0\u00bb4.16&Prime; text_font=\u00a0\u00bb||||||||\u00a0\u00bb header_font=\u00a0\u00bb||||||||\u00a0\u00bb header_2_font=\u00a0\u00bbOswald|700||on|||||\u00a0\u00bb header_2_font_size=\u00a0\u00bb28px\u00a0\u00bb header_2_line_height=\u00a0\u00bb1.3em\u00a0\u00bb background_layout=\u00a0\u00bbdark\u00a0\u00bb header_2_font_size_tablet=\u00a0\u00bb26px\u00a0\u00bb header_2_font_size_phone=\u00a0\u00bb22px\u00a0\u00bb header_2_font_size_last_edited=\u00a0\u00bbon|phone\u00a0\u00bb locked=\u00a0\u00bboff\u00a0\u00bb global_colors_info=\u00a0\u00bb{}\u00a0\u00bb]<\/p>\n<h2>DE RAILBIKES VAN DE MOLIGN\u00c9E<\/h2>\n<p>[\/et_pb_text][\/et_pb_column][et_pb_column type=\u00a0\u00bb1_3&Prime; _builder_version=\u00a0\u00bb4.16&Prime; global_colors_info=\u00a0\u00bb{}\u00a0\u00bb][\/et_pb_column][et_pb_column type=\u00a0\u00bb1_3&Prime; _builder_version=\u00a0\u00bb4.16&Prime; global_colors_info=\u00a0\u00bb{}\u00a0\u00bb][\/et_pb_column][\/et_pb_row][et_pb_row _builder_version=\u00a0\u00bb4.16&Prime; global_colors_info=\u00a0\u00bb{}\u00a0\u00bb][et_pb_column type=\u00a0\u00bb4_4&Prime; _builder_version=\u00a0\u00bb4.16&Prime; global_colors_info=\u00a0\u00bb{}\u00a0\u00bb][et_pb_text _builder_version=\u00a0\u00bb4.16&Prime; text_font=\u00a0\u00bb|600|||||||\u00a0\u00bb text_text_color=\u00a0\u00bbrgba(0,0,0,0.5)\u00a0\u00bb text_line_height=\u00a0\u00bb1.8em\u00a0\u00bb header_font=\u00a0\u00bbOswald|900||on|||||\u00a0\u00bb header_text_color=\u00a0\u00bb#170075&Prime; header_font_size=\u00a0\u00bb63px\u00a0\u00bb header_letter_spacing=\u00a0\u00bb0.05em\u00a0\u00bb transform_scale_tablet=\u00a0\u00bb\u00a0\u00bb transform_scale_phone=\u00a0\u00bb\u00a0\u00bb transform_scale_last_edited=\u00a0\u00bbon|desktop\u00a0\u00bb transform_translate_linked=\u00a0\u00bboff\u00a0\u00bb transform_rotate_tablet=\u00a0\u00bb\u00a0\u00bb transform_rotate_phone=\u00a0\u00bb\u00a0\u00bb transform_rotate_last_edited=\u00a0\u00bbon|desktop\u00a0\u00bb transform_skew_tablet=\u00a0\u00bb\u00a0\u00bb transform_skew_phone=\u00a0\u00bb\u00a0\u00bb transform_skew_last_edited=\u00a0\u00bbon|desktop\u00a0\u00bb transform_origin_tablet=\u00a0\u00bb\u00a0\u00bb transform_origin_phone=\u00a0\u00bb\u00a0\u00bb transform_origin_last_edited=\u00a0\u00bbon|desktop\u00a0\u00bb header_font_size_tablet=\u00a0\u00bb60px\u00a0\u00bb header_font_size_phone=\u00a0\u00bb44px\u00a0\u00bb header_font_size_last_edited=\u00a0\u00bbon|desktop\u00a0\u00bb header_text_shadow_style=\u00a0\u00bbpreset3&Prime; header_text_shadow_blur_strength=\u00a0\u00bb0em\u00a0\u00bb locked=\u00a0\u00bboff\u00a0\u00bb global_colors_info=\u00a0\u00bb{}\u00a0\u00bb]<\/p>\n<h1>Groepsuitstap<\/h1>\n<p>[\/et_pb_text][et_pb_text _builder_version=\u00a0\u00bb4.16.0&Prime; _module_preset=\u00a0\u00bbdefault\u00a0\u00bb header_font_size=\u00a0\u00bb21px\u00a0\u00bb header_2_font=\u00a0\u00bbOswald|||on|||||\u00a0\u00bb header_2_text_color=\u00a0\u00bb#f92a2a\u00a0\u00bb header_2_font_size=\u00a0\u00bb38px\u00a0\u00bb header_2_font_size_tablet=\u00a0\u00bb\u00a0\u00bb header_2_font_size_phone=\u00a0\u00bb29px\u00a0\u00bb header_2_font_size_last_edited=\u00a0\u00bbon|phone\u00a0\u00bb global_colors_info=\u00a0\u00bb{}\u00a0\u00bb]<\/p>\n<h2>HET KLOOSTER MET DE RAILBIKES<\/h2>\n<h3><span style=\"font-size: x-large;\"><strong>Minimaal 25 personen<\/strong><\/span><\/h3>\n<p>[\/et_pb_text][\/et_pb_column][\/et_pb_row][\/et_pb_section][et_pb_section fb_built=\u00a0\u00bb1&Prime; _builder_version=\u00a0\u00bb4.16&Prime; _module_preset=\u00a0\u00bbdefault\u00a0\u00bb custom_padding=\u00a0\u00bb19px|||||\u00a0\u00bb global_colors_info=\u00a0\u00bb{}\u00a0\u00bb][et_pb_row column_structure=\u00a0\u00bb1_5,3_5,1_5&Prime; _builder_version=\u00a0\u00bb4.16&Prime; _module_preset=\u00a0\u00bbdefault\u00a0\u00bb global_colors_info=\u00a0\u00bb{}\u00a0\u00bb][et_pb_column type=\u00a0\u00bb1_5&Prime; _builder_version=\u00a0\u00bb4.16&Prime; _module_preset=\u00a0\u00bbdefault\u00a0\u00bb global_colors_info=\u00a0\u00bb{}\u00a0\u00bb][\/et_pb_column][et_pb_column type=\u00a0\u00bb3_5&Prime; _builder_version=\u00a0\u00bb4.16&Prime; _module_preset=\u00a0\u00bbdefault\u00a0\u00bb global_colors_info=\u00a0\u00bb{}\u00a0\u00bb][et_pb_image src=\u00a0\u00bbhttps:\/\/draisines.online\/wp-content\/uploads\/2020\/12\/170802_AdjustMaredsoussummer17_0257.jpg\u00a0\u00bb title_text=\u00a0\u00bb170802_AdjustMaredsoussummer17_0257&Prime; align=\u00a0\u00bbcenter\u00a0\u00bb _builder_version=\u00a0\u00bb4.16&Prime; _module_preset=\u00a0\u00bbdefault\u00a0\u00bb global_colors_info=\u00a0\u00bb{}\u00a0\u00bb][\/et_pb_image][et_pb_text _builder_version=\u00a0\u00bb4.27.4&Prime; _module_preset=\u00a0\u00bbdefault\u00a0\u00bb header_3_text_color=\u00a0\u00bb#f92a2a\u00a0\u00bb header_3_font_size=\u00a0\u00bb29px\u00a0\u00bb header_3_line_height=\u00a0\u00bb1.7em\u00a0\u00bb hover_enabled=\u00a0\u00bb0&Prime; global_colors_info=\u00a0\u00bb{}\u00a0\u00bb sticky_enabled=\u00a0\u00bb0&Prime;]<\/p>\n<p>vertrek per railbikes vanuit Fala\u00ebn.<\/p>\n<p>Fiets 3 km over de oude spoorlijn die langs de schilderachtige vallei van de Molign\u00e9e loopt.<\/p>\n<p>Vervolgens bereikt u via voetpaden de natuurlijke site van de abdij van Maredsous.<\/p>\n<p>[\/et_pb_text][et_pb_image src=\u00a0\u00bbhttps:\/\/draisines.online\/wp-content\/uploads\/2021\/03\/440_0_5089862_176891.jpg\u00a0\u00bb title_text=\u00a0\u00bb440_0_5089862_176891&Prime; align=\u00a0\u00bbcenter\u00a0\u00bb _builder_version=\u00a0\u00bb4.16&Prime; _module_preset=\u00a0\u00bbdefault\u00a0\u00bb global_colors_info=\u00a0\u00bb{}\u00a0\u00bb][\/et_pb_image][et_pb_text _builder_version=\u00a0\u00bb4.27.4&Prime; _module_preset=\u00a0\u00bbdefault\u00a0\u00bb link_font=\u00a0\u00bb||||on||||\u00a0\u00bb header_3_text_color=\u00a0\u00bb#f92a2a\u00a0\u00bb header_3_font_size=\u00a0\u00bb29px\u00a0\u00bb header_3_line_height=\u00a0\u00bb1.7em\u00a0\u00bb hover_enabled=\u00a0\u00bb0&Prime; global_colors_info=\u00a0\u00bb{}\u00a0\u00bb sticky_enabled=\u00a0\u00bb0&Prime;]<\/p>\n<p>&lsquo;S Middags proeverij van een tartine met Maredsous-kaas en zijn 6 \u00b0 bier of een zacht bier.<\/p>\n<p>Rondleiding door het klooster dat in 1872 werd gesticht door benedictijnse monniken uit Beuron in Duitsland.<\/p>\n<p>Dit neogotische ensemble is een van de mooiste abdijen van het land.<\/p>\n<div id=\"ConnectiveDocSignExtentionInstalled\" data-extension-version=\"1.0.4\"><\/div>\n<p>[\/et_pb_text][et_pb_image src=\u00a0\u00bbhttps:\/\/draisines.online\/wp-content\/uploads\/2021\/03\/440_0_5093250_176891.jpg\u00a0\u00bb title_text=\u00a0\u00bb440_0_5093250_176891&Prime; align=\u00a0\u00bbcenter\u00a0\u00bb _builder_version=\u00a0\u00bb4.16&Prime; _module_preset=\u00a0\u00bbdefault\u00a0\u00bb global_colors_info=\u00a0\u00bb{}\u00a0\u00bb][\/et_pb_image][et_pb_text _builder_version=\u00a0\u00bb4.27.4&Prime; _module_preset=\u00a0\u00bbdefault\u00a0\u00bb link_font=\u00a0\u00bb||||on||||\u00a0\u00bb header_3_text_color=\u00a0\u00bb#f92a2a\u00a0\u00bb header_3_font_size=\u00a0\u00bb29px\u00a0\u00bb header_3_line_height=\u00a0\u00bb1.7em\u00a0\u00bb hover_enabled=\u00a0\u00bb0&Prime; global_colors_info=\u00a0\u00bb{}\u00a0\u00bb sticky_enabled=\u00a0\u00bb0&Prime;]<\/p>\n<p>\u00a0Via dezelfde paden terug naar het oude station van Maredsous om met de trein naar je startpunt Fala\u00ebn te komen.<\/p>\n<p>&nbsp;<\/p>\n<h3><strong>Minimaal 25 personen<\/strong><\/h3>\n<p><b><\/b><\/p>\n<p><b>Info via info@draisines.online<\/b><\/p>\n<p><strong>Attracties inbegrepen in het pakket<\/strong>: de railbikes<\/p>\n<p>[\/et_pb_text][et_pb_image src=\u00a0\u00bbhttps:\/\/draisines.online\/wp-content\/uploads\/2021\/03\/280_0_5093291_176891.jpg\u00a0\u00bb title_text=\u00a0\u00bb280_0_5093291_176891&Prime; align=\u00a0\u00bbcenter\u00a0\u00bb _builder_version=\u00a0\u00bb4.16&Prime; _module_preset=\u00a0\u00bbdefault\u00a0\u00bb global_colors_info=\u00a0\u00bb{}\u00a0\u00bb][\/et_pb_image][et_pb_text _builder_version=\u00a0\u00bb4.16&Prime; _module_preset=\u00a0\u00bbdefault\u00a0\u00bb link_font=\u00a0\u00bb||||on||||\u00a0\u00bb header_3_text_color=\u00a0\u00bb#f92a2a\u00a0\u00bb header_3_font_size=\u00a0\u00bb29px\u00a0\u00bb header_3_line_height=\u00a0\u00bb1.7em\u00a0\u00bb global_colors_info=\u00a0\u00bb{}\u00a0\u00bb]<\/p>\n<p><strong>Rooster 2021<\/strong>: van 11.00 uur tot 17.00 uur<\/p>\n<p><strong>Restaurantcapaciteit<\/strong>: 200 pers.<\/p>\n<p><strong>Parking autobussen<\/strong>: aantal plaatsen 6 autobussen. De reis tussen attracties op eigen gelegenheid.<\/p>\n<p><strong>Catering \/ picknick<\/strong>: opvangcentrum Saint-Joseph in de abdij van Maredsous.<\/p>\n<p><strong>Menu<\/strong>: Een boterham met Maredsous-kaas vergezeld van een 6 \u00b0 bier (of zacht). Mogelijkheid om een \u200b\u200btweede broodje kaas of Ardense ham te bestellen of een andere maaltijd naar keuze uit de lijst (op aanvraag).<\/p>\n<p><strong>Speciale schoolvoorwaarden<\/strong>: gratis railbikes voor leerkrachten en gratis toegang tot het volledige spelaanbod.<\/p>\n<p>&nbsp;<\/p>\n<p><strong>Om meer te weten :<\/strong><\/p>\n<p>De heer Paul ARNOULD<br \/>Rue de la Gare 82-5522 FALA\u00cbN<br \/>draisines@skynet.be<br \/>T. 0032 (0) 82\/69 90 79<\/p>\n<p>[\/et_pb_text][\/et_pb_column][et_pb_column type=\u00a0\u00bb1_5&Prime; _builder_version=\u00a0\u00bb4.16&Prime; _module_preset=\u00a0\u00bbdefault\u00a0\u00bb global_colors_info=\u00a0\u00bb{}\u00a0\u00bb][\/et_pb_column][\/et_pb_row][\/et_pb_section]<\/p>\n","protected":false},"excerpt":{"rendered":"<p>DE RAILBIKES VAN DE MOLIGN\u00c9EGroepsuitstapHET KLOOSTER MET DE RAILBIKES Minimaal 25 personenvertrek per railbikes vanuit Fala\u00ebn. Fiets 3 km over de oude spoorlijn die langs de schilderachtige vallei van de Molign\u00e9e loopt. Vervolgens bereikt u via voetpaden de natuurlijke site van de abdij van Maredsous.&rsquo;S Middags proeverij van een tartine met Maredsous-kaas en zijn 6 [&hellip;]<\/p>\n","protected":false},"author":2,"featured_media":0,"parent":0,"menu_order":0,"comment_status":"closed","ping_status":"closed","template":"","meta":{"_et_pb_use_builder":"on","_et_pb_old_content":"","_et_gb_content_width":"","footnotes":""},"class_list":["post-909","page","type-page","status-publish","hentry"],"_links":{"self":[{"href":"https:\/\/draisines.online\/index.php\/wp-json\/wp\/v2\/pages\/909","targetHints":{"allow":["GET"]}}],"collection":[{"href":"https:\/\/draisines.online\/index.php\/wp-json\/wp\/v2\/pages"}],"about":[{"href":"https:\/\/draisines.online\/index.php\/wp-json\/wp\/v2\/types\/page"}],"author":[{"embeddable":true,"href":"https:\/\/draisines.online\/index.php\/wp-json\/wp\/v2\/users\/2"}],"replies":[{"embeddable":true,"href":"https:\/\/draisines.online\/index.php\/wp-json\/wp\/v2\/comments?post=909"}],"version-history":[{"count":22,"href":"https:\/\/draisines.online\/index.php\/wp-json\/wp\/v2\/pages\/909\/revisions"}],"predecessor-version":[{"id":2278,"href":"https:\/\/draisines.online\/index.php\/wp-json\/wp\/v2\/pages\/909\/revisions\/2278"}],"wp:attachment":[{"href":"https:\/\/draisines.online\/index.php\/wp-json\/wp\/v2\/media?parent=909"}],"curies":[{"name":"wp","href":"https:\/\/api.w.org\/{rel}","templated":true}]}}